{"id":676,"date":"2016-07-04T21:10:09","date_gmt":"2016-07-04T19:10:09","guid":{"rendered":"http:\/\/musikfreunde.dedinghausen.de\/?page_id=676"},"modified":"2016-08-19T20:30:16","modified_gmt":"2016-08-19T18:30:16","slug":"behindertenfest-in-dedinghausen","status":"publish","type":"page","link":"http:\/\/musikfreunde.dedinghausen.de\/?page_id=676","title":{"rendered":"Fest der Begegnung in Dedinghausen"},"content":{"rendered":"<h1 style=\"text-align: center;\"><\/h1>\n<h4>Am 02.07.2016 haben wir beim Fest der Begegnung in Dedinghausen musiziert . Dieses\u00a0Fest wird eigens \u00a0f\u00fcr die Blinden und Mehrfachbehinderten Bewohner des Heims\u00a0aus Heidenoldendorf\u00a0 organisiert . Nach dem Kaffee trinken ging es dann zur Kirche , wo wir einige Musikst\u00fccke in Zusammenarbeit mit Klaus Grothe und dem gemischten Chor aus Lipperode \u00a0pr\u00e4sentieren durften . Anschlie\u00dfend machten wir einen kleinen Marsch zur Fukuhle . Von dort auf ging es dann wieder in den B\u00fcrgertreff . Dort gab es noch Abendessen f\u00fcr die Heidenoldendorfer bevor sie sich dann wieder auf den Heimweg machten . Es ist immer sch\u00f6n , das wir Menschen mit unserer Musik erfreuen k\u00f6nnen . \ud83d\ude42<\/h4>\n<p style=\"text-align: center;\">\n\n<div class=\"ngg-galleryoverview ngg-slideshow\"\n\t id=\"ngg-slideshow-686-18292798360\"\n     data-gallery-id=\"686\"\n     style=\"max-width: 600px; max-height: 400px;\">\n\n \t<div id=\"ngg-image-0\" class=\"ngg-gallery-slideshow-image\" style=\"height:400px\">\n\n        <a href=\"http:\/\/musikfreunde.dedinghausen.de\/wp-content\/gallery\/behindertenfest-in-dedinghausen\/01.jpg\"\n           title=\"\"\n           data-src=\"http:\/\/musikfreunde.dedinghausen.de\/wp-content\/gallery\/behindertenfest-in-dedinghausen\/01.jpg\"\n           data-thumbnail=\"http:\/\/musikfreunde.dedinghausen.de\/wp-content\/gallery\/behindertenfest-in-dedinghausen\/thumbs\/thumbs_01.jpg\"\n           data-image-id=\"43\"\n           data-title=\"01\"\n           data-description=\"\"\n           class=\"ngg-fancybox\" rel=\"686\">\n\n            <img data-image-id='43'\n                 title=\"\"\n                 alt=\"01\"\n                 src=\"http:\/\/musikfreunde.dedinghausen.de\/wp-content\/gallery\/behindertenfest-in-dedinghausen\/01.jpg\"\n                 style=\"max-height: 380px;\"\/>\n        <\/a>\n\n        <\/div> \n<div id=\"ngg-image-1\" class=\"ngg-gallery-slideshow-image\" style=\"height:400px\">\n\n        <a href=\"http:\/\/musikfreunde.dedinghausen.de\/wp-content\/gallery\/behindertenfest-in-dedinghausen\/02.jpg\"\n           title=\"\"\n           data-src=\"http:\/\/musikfreunde.dedinghausen.de\/wp-content\/gallery\/behindertenfest-in-dedinghausen\/02.jpg\"\n           data-thumbnail=\"http:\/\/musikfreunde.dedinghausen.de\/wp-content\/gallery\/behindertenfest-in-dedinghausen\/thumbs\/thumbs_02.jpg\"\n           data-image-id=\"44\"\n           data-title=\"02\"\n           data-description=\"\"\n           class=\"ngg-fancybox\" rel=\"686\">\n\n            <img data-image-id='44'\n                 title=\"\"\n                 alt=\"02\"\n                 src=\"http:\/\/musikfreunde.dedinghausen.de\/wp-content\/gallery\/behindertenfest-in-dedinghausen\/02.jpg\"\n                 style=\"max-height: 380px;\"\/>\n        <\/a>\n\n        <\/div> \n<div id=\"ngg-image-2\" class=\"ngg-gallery-slideshow-image\" style=\"height:400px\">\n\n        <a href=\"http:\/\/musikfreunde.dedinghausen.de\/wp-content\/gallery\/behindertenfest-in-dedinghausen\/03.jpg\"\n           title=\"\"\n           data-src=\"http:\/\/musikfreunde.dedinghausen.de\/wp-content\/gallery\/behindertenfest-in-dedinghausen\/03.jpg\"\n           data-thumbnail=\"http:\/\/musikfreunde.dedinghausen.de\/wp-content\/gallery\/behindertenfest-in-dedinghausen\/thumbs\/thumbs_03.jpg\"\n           data-image-id=\"45\"\n           data-title=\"03\"\n           data-description=\"\"\n           class=\"ngg-fancybox\" rel=\"686\">\n\n            <img data-image-id='45'\n                 title=\"\"\n                 alt=\"03\"\n                 src=\"http:\/\/musikfreunde.dedinghausen.de\/wp-content\/gallery\/behindertenfest-in-dedinghausen\/03.jpg\"\n                 style=\"max-height: 380px;\"\/>\n        <\/a>\n\n        <\/div> \n<div id=\"ngg-image-3\" class=\"ngg-gallery-slideshow-image\" style=\"height:400px\">\n\n        <a href=\"http:\/\/musikfreunde.dedinghausen.de\/wp-content\/gallery\/behindertenfest-in-dedinghausen\/04.jpg\"\n           title=\"\"\n           data-src=\"http:\/\/musikfreunde.dedinghausen.de\/wp-content\/gallery\/behindertenfest-in-dedinghausen\/04.jpg\"\n           data-thumbnail=\"http:\/\/musikfreunde.dedinghausen.de\/wp-content\/gallery\/behindertenfest-in-dedinghausen\/thumbs\/thumbs_04.jpg\"\n           data-image-id=\"46\"\n           data-title=\"04\"\n           data-description=\"\"\n           class=\"ngg-fancybox\" rel=\"686\">\n\n            <img data-image-id='46'\n                 title=\"\"\n                 alt=\"04\"\n                 src=\"http:\/\/musikfreunde.dedinghausen.de\/wp-content\/gallery\/behindertenfest-in-dedinghausen\/04.jpg\"\n                 style=\"max-height: 380px;\"\/>\n        <\/a>\n\n        <\/div> \n<div id=\"ngg-image-4\" class=\"ngg-gallery-slideshow-image\" style=\"height:400px\">\n\n        <a href=\"http:\/\/musikfreunde.dedinghausen.de\/wp-content\/gallery\/behindertenfest-in-dedinghausen\/05.jpg\"\n           title=\"\"\n           data-src=\"http:\/\/musikfreunde.dedinghausen.de\/wp-content\/gallery\/behindertenfest-in-dedinghausen\/05.jpg\"\n           data-thumbnail=\"http:\/\/musikfreunde.dedinghausen.de\/wp-content\/gallery\/behindertenfest-in-dedinghausen\/thumbs\/thumbs_05.jpg\"\n           data-image-id=\"47\"\n           data-title=\"05\"\n           data-description=\"\"\n           class=\"ngg-fancybox\" rel=\"686\">\n\n            <img data-image-id='47'\n                 title=\"\"\n                 alt=\"05\"\n                 src=\"http:\/\/musikfreunde.dedinghausen.de\/wp-content\/gallery\/behindertenfest-in-dedinghausen\/05.jpg\"\n                 style=\"max-height: 380px;\"\/>\n        <\/a>\n\n        <\/div> \n<div id=\"ngg-image-5\" class=\"ngg-gallery-slideshow-image\" style=\"height:400px\">\n\n        <a href=\"http:\/\/musikfreunde.dedinghausen.de\/wp-content\/gallery\/behindertenfest-in-dedinghausen\/06.jpg\"\n           title=\"\"\n           data-src=\"http:\/\/musikfreunde.dedinghausen.de\/wp-content\/gallery\/behindertenfest-in-dedinghausen\/06.jpg\"\n           data-thumbnail=\"http:\/\/musikfreunde.dedinghausen.de\/wp-content\/gallery\/behindertenfest-in-dedinghausen\/thumbs\/thumbs_06.jpg\"\n           data-image-id=\"48\"\n           data-title=\"06\"\n           data-description=\"\"\n           class=\"ngg-fancybox\" rel=\"686\">\n\n            <img data-image-id='48'\n                 title=\"\"\n                 alt=\"06\"\n                 src=\"http:\/\/musikfreunde.dedinghausen.de\/wp-content\/gallery\/behindertenfest-in-dedinghausen\/06.jpg\"\n                 style=\"max-height: 380px;\"\/>\n        <\/a>\n\n        <\/div> \n<div id=\"ngg-image-6\" class=\"ngg-gallery-slideshow-image\" style=\"height:400px\">\n\n        <a href=\"http:\/\/musikfreunde.dedinghausen.de\/wp-content\/gallery\/behindertenfest-in-dedinghausen\/07.jpg\"\n           title=\"\"\n           data-src=\"http:\/\/musikfreunde.dedinghausen.de\/wp-content\/gallery\/behindertenfest-in-dedinghausen\/07.jpg\"\n           data-thumbnail=\"http:\/\/musikfreunde.dedinghausen.de\/wp-content\/gallery\/behindertenfest-in-dedinghausen\/thumbs\/thumbs_07.jpg\"\n           data-image-id=\"49\"\n           data-title=\"07\"\n           data-description=\"\"\n           class=\"ngg-fancybox\" rel=\"686\">\n\n            <img data-image-id='49'\n                 title=\"\"\n                 alt=\"07\"\n                 src=\"http:\/\/musikfreunde.dedinghausen.de\/wp-content\/gallery\/behindertenfest-in-dedinghausen\/07.jpg\"\n                 style=\"max-height: 380px;\"\/>\n        <\/a>\n\n        <\/div> \n<div id=\"ngg-image-7\" class=\"ngg-gallery-slideshow-image\" style=\"height:400px\">\n\n        <a href=\"http:\/\/musikfreunde.dedinghausen.de\/wp-content\/gallery\/behindertenfest-in-dedinghausen\/08.jpg\"\n           title=\"\"\n           data-src=\"http:\/\/musikfreunde.dedinghausen.de\/wp-content\/gallery\/behindertenfest-in-dedinghausen\/08.jpg\"\n           data-thumbnail=\"http:\/\/musikfreunde.dedinghausen.de\/wp-content\/gallery\/behindertenfest-in-dedinghausen\/thumbs\/thumbs_08.jpg\"\n           data-image-id=\"50\"\n           data-title=\"08\"\n           data-description=\"\"\n           class=\"ngg-fancybox\" rel=\"686\">\n\n            <img data-image-id='50'\n                 title=\"\"\n                 alt=\"08\"\n                 src=\"http:\/\/musikfreunde.dedinghausen.de\/wp-content\/gallery\/behindertenfest-in-dedinghausen\/08.jpg\"\n                 style=\"max-height: 380px;\"\/>\n        <\/a>\n\n        <\/div> \n<div id=\"ngg-image-8\" class=\"ngg-gallery-slideshow-image\" style=\"height:400px\">\n\n        <a href=\"http:\/\/musikfreunde.dedinghausen.de\/wp-content\/gallery\/behindertenfest-in-dedinghausen\/09.jpg\"\n           title=\"\"\n           data-src=\"http:\/\/musikfreunde.dedinghausen.de\/wp-content\/gallery\/behindertenfest-in-dedinghausen\/09.jpg\"\n           data-thumbnail=\"http:\/\/musikfreunde.dedinghausen.de\/wp-content\/gallery\/behindertenfest-in-dedinghausen\/thumbs\/thumbs_09.jpg\"\n           data-image-id=\"51\"\n           data-title=\"09\"\n           data-description=\"\"\n           class=\"ngg-fancybox\" rel=\"686\">\n\n            <img data-image-id='51'\n                 title=\"\"\n                 alt=\"09\"\n                 src=\"http:\/\/musikfreunde.dedinghausen.de\/wp-content\/gallery\/behindertenfest-in-dedinghausen\/09.jpg\"\n                 style=\"max-height: 380px;\"\/>\n        <\/a>\n\n        <\/div> \n<div id=\"ngg-image-9\" class=\"ngg-gallery-slideshow-image\" style=\"height:400px\">\n\n        <a href=\"http:\/\/musikfreunde.dedinghausen.de\/wp-content\/gallery\/behindertenfest-in-dedinghausen\/10.jpg\"\n           title=\"\"\n           data-src=\"http:\/\/musikfreunde.dedinghausen.de\/wp-content\/gallery\/behindertenfest-in-dedinghausen\/10.jpg\"\n           data-thumbnail=\"http:\/\/musikfreunde.dedinghausen.de\/wp-content\/gallery\/behindertenfest-in-dedinghausen\/thumbs\/thumbs_10.jpg\"\n           data-image-id=\"52\"\n           data-title=\"10\"\n           data-description=\"\"\n           class=\"ngg-fancybox\" rel=\"686\">\n\n            <img data-image-id='52'\n                 title=\"\"\n                 alt=\"10\"\n                 src=\"http:\/\/musikfreunde.dedinghausen.de\/wp-content\/gallery\/behindertenfest-in-dedinghausen\/10.jpg\"\n                 style=\"max-height: 380px;\"\/>\n        <\/a>\n\n        <\/div> \n<div id=\"ngg-image-10\" class=\"ngg-gallery-slideshow-image\" style=\"height:400px\">\n\n        <a href=\"http:\/\/musikfreunde.dedinghausen.de\/wp-content\/gallery\/behindertenfest-in-dedinghausen\/11.jpg\"\n           title=\"\"\n           data-src=\"http:\/\/musikfreunde.dedinghausen.de\/wp-content\/gallery\/behindertenfest-in-dedinghausen\/11.jpg\"\n           data-thumbnail=\"http:\/\/musikfreunde.dedinghausen.de\/wp-content\/gallery\/behindertenfest-in-dedinghausen\/thumbs\/thumbs_11.jpg\"\n           data-image-id=\"53\"\n           data-title=\"11\"\n           data-description=\"\"\n           class=\"ngg-fancybox\" rel=\"686\">\n\n            <img data-image-id='53'\n                 title=\"\"\n                 alt=\"11\"\n                 src=\"http:\/\/musikfreunde.dedinghausen.de\/wp-content\/gallery\/behindertenfest-in-dedinghausen\/11.jpg\"\n                 style=\"max-height: 380px;\"\/>\n        <\/a>\n\n        <\/div> \n<div id=\"ngg-image-11\" class=\"ngg-gallery-slideshow-image\" style=\"height:400px\">\n\n        <a href=\"http:\/\/musikfreunde.dedinghausen.de\/wp-content\/gallery\/behindertenfest-in-dedinghausen\/12.jpg\"\n           title=\"\"\n           data-src=\"http:\/\/musikfreunde.dedinghausen.de\/wp-content\/gallery\/behindertenfest-in-dedinghausen\/12.jpg\"\n           data-thumbnail=\"http:\/\/musikfreunde.dedinghausen.de\/wp-content\/gallery\/behindertenfest-in-dedinghausen\/thumbs\/thumbs_12.jpg\"\n           data-image-id=\"54\"\n           data-title=\"12\"\n           data-description=\"\"\n           class=\"ngg-fancybox\" rel=\"686\">\n\n            <img data-image-id='54'\n                 title=\"\"\n                 alt=\"12\"\n                 src=\"http:\/\/musikfreunde.dedinghausen.de\/wp-content\/gallery\/behindertenfest-in-dedinghausen\/12.jpg\"\n                 style=\"max-height: 380px;\"\/>\n        <\/a>\n\n        <\/div> \n<div id=\"ngg-image-12\" class=\"ngg-gallery-slideshow-image\" style=\"height:400px\">\n\n        <a href=\"http:\/\/musikfreunde.dedinghausen.de\/wp-content\/gallery\/behindertenfest-in-dedinghausen\/13.jpg\"\n           title=\"\"\n           data-src=\"http:\/\/musikfreunde.dedinghausen.de\/wp-content\/gallery\/behindertenfest-in-dedinghausen\/13.jpg\"\n           data-thumbnail=\"http:\/\/musikfreunde.dedinghausen.de\/wp-content\/gallery\/behindertenfest-in-dedinghausen\/thumbs\/thumbs_13.jpg\"\n           data-image-id=\"55\"\n           data-title=\"13\"\n           data-description=\"\"\n           class=\"ngg-fancybox\" rel=\"686\">\n\n            <img data-image-id='55'\n                 title=\"\"\n                 alt=\"13\"\n                 src=\"http:\/\/musikfreunde.dedinghausen.de\/wp-content\/gallery\/behindertenfest-in-dedinghausen\/13.jpg\"\n                 style=\"max-height: 380px;\"\/>\n        <\/a>\n\n        <\/div> \n<\/div>\n\n\n\t\t<!-- Thumbnails Link -->\n\t<div class=\"slideshowlink\" style=\"max-width: 600px;\">\n        <a href='http:\/\/musikfreunde.dedinghausen.de\/index.php\/nggallery\/thumbnails?page_id=676'>[Zeige Vorschaubilder]<\/a>\n\t<\/div>\n\n<\/p>\n<p>&nbsp;<\/p>\n","protected":false},"excerpt":{"rendered":"<p>Am 02.07.2016 haben wir beim Fest der Begegnung in Dedinghausen musiziert . Dieses\u00a0Fest wird eigens \u00a0f\u00fcr die Blinden und Mehrfachbehinderten Bewohner des Heims\u00a0aus Heidenoldendorf\u00a0 organisiert . Nach dem Kaffee trinken ging es dann zur Kirche , wo wir einige Musikst\u00fccke in Zusammenarbeit mit Klaus Grothe und dem gemischten Chor aus Lipperode \u00a0pr\u00e4sentieren durften . Anschlie\u00dfend [&hellip;]<\/p>\n","protected":false},"author":3,"featured_media":0,"parent":0,"menu_order":0,"comment_status":"closed","ping_status":"closed","template":"","meta":{"ngg_post_thumbnail":0},"_links":{"self":[{"href":"http:\/\/musikfreunde.dedinghausen.de\/index.php?rest_route=\/wp\/v2\/pages\/676"}],"collection":[{"href":"http:\/\/musikfreunde.dedinghausen.de\/index.php?rest_route=\/wp\/v2\/pages"}],"about":[{"href":"http:\/\/musikfreunde.dedinghausen.de\/index.php?rest_route=\/wp\/v2\/types\/page"}],"author":[{"embeddable":true,"href":"http:\/\/musikfreunde.dedinghausen.de\/index.php?rest_route=\/wp\/v2\/users\/3"}],"replies":[{"embeddable":true,"href":"http:\/\/musikfreunde.dedinghausen.de\/index.php?rest_route=%2Fwp%2Fv2%2Fcomments&post=676"}],"version-history":[{"count":12,"href":"http:\/\/musikfreunde.dedinghausen.de\/index.php?rest_route=\/wp\/v2\/pages\/676\/revisions"}],"predecessor-version":[{"id":711,"href":"http:\/\/musikfreunde.dedinghausen.de\/index.php?rest_route=\/wp\/v2\/pages\/676\/revisions\/711"}],"wp:attachment":[{"href":"http:\/\/musikfreunde.dedinghausen.de\/index.php?rest_route=%2Fwp%2Fv2%2Fmedia&parent=676"}],"curies":[{"name":"wp","href":"https:\/\/api.w.org\/{rel}","templated":true}]}}