{"id":423,"date":"2016-05-15T22:31:19","date_gmt":"2016-05-15T20:31:19","guid":{"rendered":"http:\/\/musikfreunde.dedinghausen.de\/?page_id=423"},"modified":"2016-08-19T20:34:57","modified_gmt":"2016-08-19T18:34:57","slug":"pfingsten-in-westereiden","status":"publish","type":"page","link":"http:\/\/musikfreunde.dedinghausen.de\/?page_id=423","title":{"rendered":"Pfingsten in Westereiden"},"content":{"rendered":"<h1 style=\"text-align: center;\"><\/h1>\n<h4>Am 15.5.2016 waren wir beim Fr\u00fchlingsfest des Sch\u00fctzenvereins Westereiden . Leider war das Wetter in diesem Jahr nicht so gut wie in den vergangenen Jahren . Wir sind aber wenigstens halbwegs trocken geblieben . Trotz\u00a0des kalten\u00a0\u00a0Schauerwetters war das Gel\u00e4nde im Grund mit vielen Besuchern gef\u00fcllt !<\/h4>\n<h4>Wir freuen uns schon auf den Besuch im n\u00e4chsten Jahr \ud83d\ude42<\/h4>\n<p style=\"text-align: center;\">\u00a0\n\n<div class=\"ngg-galleryoverview ngg-slideshow\"\n\t id=\"ngg-slideshow-438-19762998450\"\n     data-gallery-id=\"438\"\n     style=\"max-width: 600px; max-height: 400px;\">\n\n \t<div id=\"ngg-image-0\" class=\"ngg-gallery-slideshow-image\" style=\"height:400px\">\n\n        <a href=\"http:\/\/musikfreunde.dedinghausen.de\/wp-content\/gallery\/pfingsten-in-westereiden\/SAM_0185.JPG\"\n           title=\"\"\n           data-src=\"http:\/\/musikfreunde.dedinghausen.de\/wp-content\/gallery\/pfingsten-in-westereiden\/SAM_0185.JPG\"\n           data-thumbnail=\"http:\/\/musikfreunde.dedinghausen.de\/wp-content\/gallery\/pfingsten-in-westereiden\/thumbs\/thumbs_SAM_0185.JPG\"\n           data-image-id=\"22\"\n           data-title=\"SAM_0185\"\n           data-description=\"\"\n           class=\"ngg-fancybox\" rel=\"438\">\n\n            <img data-image-id='22'\n                 title=\"\"\n                 alt=\"SAM_0185\"\n                 src=\"http:\/\/musikfreunde.dedinghausen.de\/wp-content\/gallery\/pfingsten-in-westereiden\/SAM_0185.JPG\"\n                 style=\"max-height: 380px;\"\/>\n        <\/a>\n\n        <\/div> \n<div id=\"ngg-image-1\" class=\"ngg-gallery-slideshow-image\" style=\"height:400px\">\n\n        <a href=\"http:\/\/musikfreunde.dedinghausen.de\/wp-content\/gallery\/pfingsten-in-westereiden\/SAM_0186.JPG\"\n           title=\"\"\n           data-src=\"http:\/\/musikfreunde.dedinghausen.de\/wp-content\/gallery\/pfingsten-in-westereiden\/SAM_0186.JPG\"\n           data-thumbnail=\"http:\/\/musikfreunde.dedinghausen.de\/wp-content\/gallery\/pfingsten-in-westereiden\/thumbs\/thumbs_SAM_0186.JPG\"\n           data-image-id=\"23\"\n           data-title=\"SAM_0186\"\n           data-description=\"\"\n           class=\"ngg-fancybox\" rel=\"438\">\n\n            <img data-image-id='23'\n                 title=\"\"\n                 alt=\"SAM_0186\"\n                 src=\"http:\/\/musikfreunde.dedinghausen.de\/wp-content\/gallery\/pfingsten-in-westereiden\/SAM_0186.JPG\"\n                 style=\"max-height: 380px;\"\/>\n        <\/a>\n\n        <\/div> \n<div id=\"ngg-image-2\" class=\"ngg-gallery-slideshow-image\" style=\"height:400px\">\n\n        <a href=\"http:\/\/musikfreunde.dedinghausen.de\/wp-content\/gallery\/pfingsten-in-westereiden\/SAM_0187.JPG\"\n           title=\"\"\n           data-src=\"http:\/\/musikfreunde.dedinghausen.de\/wp-content\/gallery\/pfingsten-in-westereiden\/SAM_0187.JPG\"\n           data-thumbnail=\"http:\/\/musikfreunde.dedinghausen.de\/wp-content\/gallery\/pfingsten-in-westereiden\/thumbs\/thumbs_SAM_0187.JPG\"\n           data-image-id=\"24\"\n           data-title=\"SAM_0187\"\n           data-description=\"\"\n           class=\"ngg-fancybox\" rel=\"438\">\n\n            <img data-image-id='24'\n                 title=\"\"\n                 alt=\"SAM_0187\"\n                 src=\"http:\/\/musikfreunde.dedinghausen.de\/wp-content\/gallery\/pfingsten-in-westereiden\/SAM_0187.JPG\"\n                 style=\"max-height: 380px;\"\/>\n        <\/a>\n\n        <\/div> \n<div id=\"ngg-image-3\" class=\"ngg-gallery-slideshow-image\" style=\"height:400px\">\n\n        <a href=\"http:\/\/musikfreunde.dedinghausen.de\/wp-content\/gallery\/pfingsten-in-westereiden\/SAM_0188.JPG\"\n           title=\"\"\n           data-src=\"http:\/\/musikfreunde.dedinghausen.de\/wp-content\/gallery\/pfingsten-in-westereiden\/SAM_0188.JPG\"\n           data-thumbnail=\"http:\/\/musikfreunde.dedinghausen.de\/wp-content\/gallery\/pfingsten-in-westereiden\/thumbs\/thumbs_SAM_0188.JPG\"\n           data-image-id=\"25\"\n           data-title=\"SAM_0188\"\n           data-description=\"\"\n           class=\"ngg-fancybox\" rel=\"438\">\n\n            <img data-image-id='25'\n                 title=\"\"\n                 alt=\"SAM_0188\"\n                 src=\"http:\/\/musikfreunde.dedinghausen.de\/wp-content\/gallery\/pfingsten-in-westereiden\/SAM_0188.JPG\"\n                 style=\"max-height: 380px;\"\/>\n        <\/a>\n\n        <\/div> \n<\/div>\n\n\n\t\t<!-- Thumbnails Link -->\n\t<div class=\"slideshowlink\" style=\"max-width: 600px;\">\n        <a href='http:\/\/musikfreunde.dedinghausen.de\/index.php\/nggallery\/thumbnails?page_id=423'>[Zeige Vorschaubilder]<\/a>\n\t<\/div>\n\n<\/p>\n","protected":false},"excerpt":{"rendered":"<p>Am 15.5.2016 waren wir beim Fr\u00fchlingsfest des Sch\u00fctzenvereins Westereiden . Leider war das Wetter in diesem Jahr nicht so gut wie in den vergangenen Jahren . Wir sind aber wenigstens halbwegs trocken geblieben . Trotz\u00a0des kalten\u00a0\u00a0Schauerwetters war das Gel\u00e4nde im Grund mit vielen Besuchern gef\u00fcllt ! Wir freuen uns schon auf den Besuch im n\u00e4chsten [&hellip;]<\/p>\n","protected":false},"author":3,"featured_media":0,"parent":0,"menu_order":0,"comment_status":"closed","ping_status":"closed","template":"","meta":{"ngg_post_thumbnail":0},"_links":{"self":[{"href":"http:\/\/musikfreunde.dedinghausen.de\/index.php?rest_route=\/wp\/v2\/pages\/423"}],"collection":[{"href":"http:\/\/musikfreunde.dedinghausen.de\/index.php?rest_route=\/wp\/v2\/pages"}],"about":[{"href":"http:\/\/musikfreunde.dedinghausen.de\/index.php?rest_route=\/wp\/v2\/types\/page"}],"author":[{"embeddable":true,"href":"http:\/\/musikfreunde.dedinghausen.de\/index.php?rest_route=\/wp\/v2\/users\/3"}],"replies":[{"embeddable":true,"href":"http:\/\/musikfreunde.dedinghausen.de\/index.php?rest_route=%2Fwp%2Fv2%2Fcomments&post=423"}],"version-history":[{"count":11,"href":"http:\/\/musikfreunde.dedinghausen.de\/index.php?rest_route=\/wp\/v2\/pages\/423\/revisions"}],"predecessor-version":[{"id":715,"href":"http:\/\/musikfreunde.dedinghausen.de\/index.php?rest_route=\/wp\/v2\/pages\/423\/revisions\/715"}],"wp:attachment":[{"href":"http:\/\/musikfreunde.dedinghausen.de\/index.php?rest_route=%2Fwp%2Fv2%2Fmedia&parent=423"}],"curies":[{"name":"wp","href":"https:\/\/api.w.org\/{rel}","templated":true}]}}